{"id":167,"date":"2015-09-17T21:19:44","date_gmt":"2015-09-17T19:19:44","guid":{"rendered":"http:\/\/www.convenciovalencianista.org\/?page_id=167"},"modified":"2021-12-30T11:21:06","modified_gmt":"2021-12-30T09:21:06","slug":"activitats","status":"publish","type":"page","link":"https:\/\/convenciovalencianista.org\/?page_id=167","title":{"rendered":"Activitats"},"content":{"rendered":"<div class=\"add_posts\"><div class=\"add_posts_content\" style=\"clear:both;\"><h2 class=\"title\" style=\"clear: none;\"><a href=\"https:\/\/convenciovalencianista.org\/?p=948\">Convencio Valencianista celebra el \"I Encontre Formatiu\"<\/a><\/h2><div class=\"post-content\" style=\"clear:both\";><p><!-- wp:tadv\/classic-paragraph --><\/p>\n<p>El dissabte 24 de setembre, en la seu de l\u2019entitat cultural El Pil\u00f3 de Burjassot, una trentena d\u2019assistents ha participat en el \u2018I Encontre Formatiu\u2019 organisat per l\u2019associacio Convencio Valencianista.<\/p>\n<p>La jornada ha comen\u00e7at a les nou del mati i ha acabat a les huit de la vesprada.<\/p>\n<p>Cinc han segut les ponencies, desenrollades per experts en cada una de les tematiques: <strong>Jesualt Masia<\/strong>, sicolec, ha parlat de <em>\u201cL\u2019influencia social de les minories\u201d<\/em>, <strong>Toni Fontelles<\/strong>, periodiste, de<em> \u201cComunicacio i relacio en els mijos\u201d<\/em>, <strong>Albert Mar\u00edn<\/strong>, ingenier industrial i politic, de<em> \"Models d\u2019Estat i de govern\u201d<\/em>. Acabada la pausa per a dinar \u2012en un local proxim\u2012, <strong>Jos\u00e9 Ram\u00f3n Chirivella<\/strong>, president de Juristes Valencians, ha donat una lli\u00e7o sobre <em>\u201cEl Dret Civil Valenci\u00e0\u201d<\/em> i <strong>Joan Sancho<\/strong>, ingenier de telecomunicacions i president de Convencio Valencianista, ha presentat una <em>\u201cAproximacio a un Pla Estrategic per al valencianisme\u201d. <\/em><\/p>\n<p>Totes les intervencions han segut complementades per una tanda de preguntes, quan no de vius debats.<\/p>\n<p>Al finalisar, els assistents han destacat l\u2019alt nivell dels ponentes i l\u2019ambient de treball en un clima de cordialitat.<\/p>\n<p>L\u2019organisacio anuncia que este es el primer d\u2019una serie d\u2019encontres que tenen l\u2019objectiu de possibilitar una formacio d\u2019ample espectre en el moviment valencianiste.<\/p>\n<p>\u00a0<\/p>\n<p><a href=\"https:\/\/convenciovalencianista.org\/wp-content\/uploads\/2022\/09\/IMG-20220924-WA0018.jpg\"><img loading=\"lazy\" decoding=\"async\" class=\"alignnone size-full wp-image-945\" src=\"https:\/\/convenciovalencianista.org\/wp-content\/uploads\/2022\/09\/IMG-20220924-WA0018.jpg\" alt=\"\" width=\"2048\" height=\"1536\" srcset=\"https:\/\/convenciovalencianista.org\/wp-content\/uploads\/2022\/09\/IMG-20220924-WA0018.jpg 2048w, https:\/\/convenciovalencianista.org\/wp-content\/uploads\/2022\/09\/IMG-20220924-WA0018-300x225.jpg 300w, https:\/\/convenciovalencianista.org\/wp-content\/uploads\/2022\/09\/IMG-20220924-WA0018-1024x768.jpg 1024w, https:\/\/convenciovalencianista.org\/wp-content\/uploads\/2022\/09\/IMG-20220924-WA0018-768x576.jpg 768w, https:\/\/convenciovalencianista.org\/wp-content\/uploads\/2022\/09\/IMG-20220924-WA0018-1536x1152.jpg 1536w\" sizes=\"(max-width: 2048px) 100vw, 2048px\" \/><\/a><\/p>\n<p>\u00a0<\/p>\n<p>\u00a0<\/p>\n<p>\u00a0<\/p>\n<p><!-- \/wp:tadv\/classic-paragraph --><\/p>\n<\/div><hr style=\"margin:10px 0\"><\/div><div class=\"add_posts_content\" style=\"clear:both;\"><h2 class=\"title\" style=\"clear: none;\"><a href=\"https:\/\/convenciovalencianista.org\/?p=919\">Jornada valencianista en Denia, el proxim 14 de maig<\/a><\/h2><div class=\"post-content\" style=\"clear:both\";><p><!-- wp:tadv\/classic-paragraph --><\/p>\n<p align=\"JUSTIFY\">L\u2019activitat <b>Tots els dies 9<\/b> que mensualment organisa <b>Convencio Valencianista<\/b>, en colaboracio en unes atres associacions, es desenrollar\u00e0 en la ciutat de Denia el proxim 14 de maig, a partir de les 10:30 h.<\/p>\n<p align=\"JUSTIFY\">En esta ocasio l\u2019associacio <b>Roc Chab\u00e0s-La Marina <\/b>actuar\u00e0 d\u2019amfitriona; dels seus membres ha partit la proposta i la persona sobre la que centrar\u00e9m l\u2019activitat i homenage. Es tracta del <b>pare Pere Esteve<\/b>, un francisca natural de la capital de la Marina que mori en llaors de santitat en el segle XVII i que fon un gran benefactor dels seus conve\u00efns, a l\u2019hora que realis\u00e0 una gran labor evangelisadora i se feu carrec d\u2019importants responsabilitats en l\u2019orde conventual. Te obra escrita en llengua valenciana (sermons, goigs i una <i>Historia del Sant Sepulcre<\/i> en vers).<\/p>\n<p align=\"JUSTIFY\"><b>La cita es a les 10:30 h en el Parc de Torrecremada<\/b>. Des d\u2019alli nos dirigir\u00e9m a la \u2018Caseta del Pare Pere\u2019, ermitori que ell mateixa va construir i en el que se l\u2019honra, situat als peus del Mongo.<\/p>\n<p align=\"JUSTIFY\">Acabat l\u2019acte nos despla\u00e7ar\u00e9m al carrer Temple de Sant Telm, 7 D, local cedit a l\u2019associacio Roc Chab\u00e0s-La Marina per a assistir a la <b>presentacio tres llibres de recent edicio<\/b>: <i>L\u2019Himne Valenci\u00e0. Un himne per a un poble,<\/i> de Juli Moreno, <i>Mosaic castellonenc. Estampes i hist\u00f2ries<\/i> de Castell\u00f3, de Xavier Gimeno i <i>XL Aniversari de les Normes d\u2019El Puig<\/i> de diversos autors. En l\u2019acte participaran els autors indicats, el president de l\u2019associacio amfitriona, Pedro Fuentes, i el president de Convencio Valencianista, Joan Sancho.<\/p>\n<p align=\"JUSTIFY\"><a href=\"https:\/\/convenciovalencianista.org\/wp-content\/uploads\/2022\/05\/Tots-els-dies-9-64.-Pere-Esteve.jpg\"><img loading=\"lazy\" decoding=\"async\" class=\"size-full wp-image-920 aligncenter\" src=\"https:\/\/convenciovalencianista.org\/wp-content\/uploads\/2022\/05\/Tots-els-dies-9-64.-Pere-Esteve.jpg\" alt=\"\" width=\"877\" height=\"1240\" srcset=\"https:\/\/convenciovalencianista.org\/wp-content\/uploads\/2022\/05\/Tots-els-dies-9-64.-Pere-Esteve.jpg 877w, https:\/\/convenciovalencianista.org\/wp-content\/uploads\/2022\/05\/Tots-els-dies-9-64.-Pere-Esteve-212x300.jpg 212w, https:\/\/convenciovalencianista.org\/wp-content\/uploads\/2022\/05\/Tots-els-dies-9-64.-Pere-Esteve-724x1024.jpg 724w, https:\/\/convenciovalencianista.org\/wp-content\/uploads\/2022\/05\/Tots-els-dies-9-64.-Pere-Esteve-768x1086.jpg 768w\" sizes=\"(max-width: 877px) 100vw, 877px\" \/><\/a><\/p>\n<p style=\"text-align: center;\" align=\"JUSTIFY\"><strong><em>Portada del fullet que entregarem a tots els assistents, a on contindr\u00e0 una biografia del pare Pere Esteve.<\/em><\/strong><\/p>\n<p align=\"JUSTIFY\">\u00a0<\/p>\n<p style=\"text-align: center;\" align=\"JUSTIFY\"><a href=\"https:\/\/convenciovalencianista.org\/wp-content\/uploads\/2022\/05\/Presentacio_llibres_Denia.jpg\"><img loading=\"lazy\" decoding=\"async\" class=\"alignnone size-full wp-image-921\" src=\"https:\/\/convenciovalencianista.org\/wp-content\/uploads\/2022\/05\/Presentacio_llibres_Denia.jpg\" alt=\"\" width=\"1131\" height=\"1600\" srcset=\"https:\/\/convenciovalencianista.org\/wp-content\/uploads\/2022\/05\/Presentacio_llibres_Denia.jpg 1131w, https:\/\/convenciovalencianista.org\/wp-content\/uploads\/2022\/05\/Presentacio_llibres_Denia-212x300.jpg 212w, https:\/\/convenciovalencianista.org\/wp-content\/uploads\/2022\/05\/Presentacio_llibres_Denia-724x1024.jpg 724w, https:\/\/convenciovalencianista.org\/wp-content\/uploads\/2022\/05\/Presentacio_llibres_Denia-768x1086.jpg 768w, https:\/\/convenciovalencianista.org\/wp-content\/uploads\/2022\/05\/Presentacio_llibres_Denia-1086x1536.jpg 1086w\" sizes=\"(max-width: 1131px) 100vw, 1131px\" \/><\/a><\/p>\n<p style=\"text-align: center;\" align=\"JUSTIFY\"><strong><em>Cartell de la presentacio i firma de llibres (Associaci\u00f3 Cultural Roc Chab\u00e0s - La Marina).<\/em><\/strong><\/p>\n<p><!-- \/wp:tadv\/classic-paragraph --><\/p>\n<\/div><hr style=\"margin:10px 0\"><\/div><div class=\"add_posts_content\" style=\"clear:both;\"><h2 class=\"title\" style=\"clear: none;\"><a href=\"https:\/\/convenciovalencianista.org\/?p=889\">Demanem l\u2019adequaci\u00f3 de la definici\u00f3 del terme \u201cvalenciano\u201d a la RAE<\/a><\/h2><div class=\"post-content\" style=\"clear:both\";><p><!-- wp:tadv\/classic-paragraph --><\/p>\n<p>&nbsp;<\/p>\n<p align=\"JUSTIFY\"><span style=\"color: #222222;\"><span style=\"font-family: Arial, serif;\"><span style=\"font-size: medium;\">El passat dilluns, 7 de mar\u00e7, el president del <strong>Rogle Constanti Llombart<\/strong> i el de<strong> Convenci\u00f3 Valencianista<\/strong> entregaren, en les oficines de la<strong> Real Academia Espa\u00f1ola<\/strong> (RAE) una carta dirigida al dec\u00e0 de dita instituci\u00f3, demanant-li que es canvie la definici\u00f3 del vocable 'valenciano' en l\u2019accepcio en que es referix a la llengua dels valencians.<\/span><\/span><\/span><\/p>\n<p align=\"JUSTIFY\"><span style=\"color: #222222;\"><span style=\"font-family: Arial, serif;\"><span style=\"font-size: medium;\">El diccionari de la RAE definix al valenci\u00e0 com una variant del catal\u00e0, contradient a l'Estatut d'Autonomia de la Comunitat Valenciana, el sentir majoritari del poble valenci\u00e0 i a les definicions de la pr\u00f2pia RAE en edicions anteriors.<\/span><\/span><\/span><\/p>\n<p align=\"JUSTIFY\"><span style=\"color: #222222;\"><span style=\"font-family: Arial, serif;\"><span style=\"font-size: medium;\">Per aix\u00f2 abd\u00f3s entitats valencianes exigixen a la RAE que rectifique i adopte per al vocable 'valenciano', la definici\u00f3 que dona el <\/span><\/span><\/span><span style=\"color: #222222;\"><span style=\"font-family: Arial, serif;\"><span style=\"font-size: medium;\"><i>Diccionari General de la Llengua Valenciana<\/i><\/span><\/span><\/span><span style=\"color: #222222;\"><span style=\"font-family: Arial, serif;\"><span style=\"font-size: medium;\"> de la <strong>Real Acad\u00e8mia de Cultura Valenciana<\/strong> (RACV), entitat decana en l'estudi i normalisaci\u00f3 de l'idioma valenci\u00e0.<\/span><\/span><\/span><\/p>\n<p align=\"JUSTIFY\"><span style=\"color: #222222;\"><span style=\"font-family: Arial, serif;\"><span style=\"font-size: medium;\">A continuaci\u00f3 se pot llegir \u00edntegrament la carta que fon registrada en l'oficina de la RAE per part dels dirigents de les entitats senyalades.<\/span><\/span><\/span><\/p>\n<p align=\"JUSTIFY\"><a href=\"https:\/\/convenciovalencianista.org\/wp-content\/uploads\/2022\/03\/RAE_1-scaled.jpg\"><img loading=\"lazy\" decoding=\"async\" class=\"alignnone wp-image-896 size-full\" src=\"https:\/\/convenciovalencianista.org\/wp-content\/uploads\/2022\/03\/RAE_1-scaled.jpg\" alt=\"\" width=\"1861\" height=\"2560\" srcset=\"https:\/\/convenciovalencianista.org\/wp-content\/uploads\/2022\/03\/RAE_1-scaled.jpg 1861w, https:\/\/convenciovalencianista.org\/wp-content\/uploads\/2022\/03\/RAE_1-218x300.jpg 218w, https:\/\/convenciovalencianista.org\/wp-content\/uploads\/2022\/03\/RAE_1-744x1024.jpg 744w, https:\/\/convenciovalencianista.org\/wp-content\/uploads\/2022\/03\/RAE_1-768x1056.jpg 768w, https:\/\/convenciovalencianista.org\/wp-content\/uploads\/2022\/03\/RAE_1-1117x1536.jpg 1117w, https:\/\/convenciovalencianista.org\/wp-content\/uploads\/2022\/03\/RAE_1-1489x2048.jpg 1489w\" sizes=\"(max-width: 1861px) 100vw, 1861px\" \/><\/a><\/p>\n<p align=\"JUSTIFY\"><a href=\"https:\/\/convenciovalencianista.org\/wp-content\/uploads\/2022\/03\/RAE_2-scaled.jpg\"><img loading=\"lazy\" decoding=\"async\" class=\"alignnone size-full wp-image-897\" src=\"https:\/\/convenciovalencianista.org\/wp-content\/uploads\/2022\/03\/RAE_2-scaled.jpg\" alt=\"\" width=\"1861\" height=\"2560\" srcset=\"https:\/\/convenciovalencianista.org\/wp-content\/uploads\/2022\/03\/RAE_2-scaled.jpg 1861w, https:\/\/convenciovalencianista.org\/wp-content\/uploads\/2022\/03\/RAE_2-218x300.jpg 218w, https:\/\/convenciovalencianista.org\/wp-content\/uploads\/2022\/03\/RAE_2-744x1024.jpg 744w, https:\/\/convenciovalencianista.org\/wp-content\/uploads\/2022\/03\/RAE_2-768x1056.jpg 768w, https:\/\/convenciovalencianista.org\/wp-content\/uploads\/2022\/03\/RAE_2-1117x1536.jpg 1117w, https:\/\/convenciovalencianista.org\/wp-content\/uploads\/2022\/03\/RAE_2-1489x2048.jpg 1489w\" sizes=\"(max-width: 1861px) 100vw, 1861px\" \/><\/a><\/p>\n<p style=\"text-align: left;\" align=\"JUSTIFY\"><a href=\"https:\/\/convenciovalencianista.org\/wp-content\/uploads\/2022\/03\/RAE_3-scaled.jpg\"><img loading=\"lazy\" decoding=\"async\" class=\"alignnone size-full wp-image-898\" src=\"https:\/\/convenciovalencianista.org\/wp-content\/uploads\/2022\/03\/RAE_3-scaled.jpg\" alt=\"\" width=\"1861\" height=\"2560\" srcset=\"https:\/\/convenciovalencianista.org\/wp-content\/uploads\/2022\/03\/RAE_3-scaled.jpg 1861w, https:\/\/convenciovalencianista.org\/wp-content\/uploads\/2022\/03\/RAE_3-218x300.jpg 218w, https:\/\/convenciovalencianista.org\/wp-content\/uploads\/2022\/03\/RAE_3-744x1024.jpg 744w, https:\/\/convenciovalencianista.org\/wp-content\/uploads\/2022\/03\/RAE_3-768x1056.jpg 768w, https:\/\/convenciovalencianista.org\/wp-content\/uploads\/2022\/03\/RAE_3-1117x1536.jpg 1117w, https:\/\/convenciovalencianista.org\/wp-content\/uploads\/2022\/03\/RAE_3-1489x2048.jpg 1489w\" sizes=\"(max-width: 1861px) 100vw, 1861px\" \/><\/a><\/p>\n<p><strong>Llegir document complet en PDF:<\/strong><\/p>\n<p><a href=\"http:\/\/www.convenciovalencianista.org\/wp-content\/documents\/Carta%20Valenciana%20a%20la%20RAE.pdf\">&nbsp;www.convenciovalencianista.org\/wp-content\/documents\/Carta%20Valenciana%20a%20la%20RAE.pdf&nbsp;&nbsp;<\/a><\/p>\n<p><!-- \/wp:tadv\/classic-paragraph --><\/p>\n<\/div><hr style=\"margin:10px 0\"><\/div><div class=\"add_posts_content\" style=\"clear:both;\"><h2 class=\"title\" style=\"clear: none;\"><a href=\"https:\/\/convenciovalencianista.org\/?p=879\">El valencianisme recolza la recuperacio del Dret Civil Valenci\u00e0<\/a><\/h2><div class=\"post-content\" style=\"clear:both\";><p><!-- wp:tadv\/classic-paragraph --><\/p>\n<p align=\"JUSTIFY\">Membres del <strong>Rogle Constanti Llombart<\/strong> i de<strong> Convencio Valencianista<\/strong> junt a unes atres entitats de la societat vivil valenciana forem convidats a la jornada que l\u2019<strong>associacio Juristes Valencians<\/strong> (AJV) organis\u00e0, el passat 7 de mar\u00e7 en el <strong>Congr\u00e9s dels Diputats<\/strong>, baix el lema<em> \u201c40 Aniversari Estatut. Hora del Dret Civil Valenci\u00e0\u201d<\/em>.<\/p>\n<p align=\"JUSTIFY\">Partiparem en una jornada reivindictiva sobre la recuperacio del<strong> Dret Civil Valenci\u00e0<\/strong> en la que es desenrollaren varies taules redones al voltant de c\u00f3m i qu\u00edna es la situacio per a que puga prosperar esta iniciativa de recuperacio, despuix d\u2019haver segut tombada pel Tribunal Constitucional, que no dubt\u00e0 en fer-ho retrotaguent-se i amparant-se en al <strong>Decrert de Nova Planta<\/strong> de 1707 en el que el borbo Felip V castig\u00e0 en sanya als valencians, a pesar de la fidelitat i recolzament que li prestaren part i destacats membres de la societat valenciana de l\u2019epoca.<\/p>\n<p align=\"JUSTIFY\">L\u2019acte s\u2019inici\u00e0 en les paraules de la consellera de Participacio, Transparencia, Cooperacio i Calitat Democratica que no dubt\u00e0 en recolzar esta reivindicacio, pero foren juristes, doctors en Dret i professors d\u2019Historia del Dret els qui protagonisaren les intervencions mes documentades sobre la situacio sobre la recuperacio del <strong>Dret Civil Valenci\u00e0<\/strong>, l\u2019estat de la q\u00fcestio i les o la possible via que s\u2019obri proponent una solucio imaginativa que consistix no en una reforma del text constitucional propiament dita, sino en un afegit tecnic a la disposicio adicional.<\/p>\n<p align=\"JUSTIFY\">\u00a0<\/p>\n<p style=\"text-align: center;\" align=\"JUSTIFY\"><a href=\"https:\/\/convenciovalencianista.org\/wp-content\/uploads\/2022\/03\/IMG-20220307-WA0006.jpg\"><img loading=\"lazy\" decoding=\"async\" class=\"alignnone wp-image-880 size-large\" src=\"https:\/\/convenciovalencianista.org\/wp-content\/uploads\/2022\/03\/IMG-20220307-WA0006-1024x768.jpg\" alt=\"\" width=\"648\" height=\"486\" srcset=\"https:\/\/convenciovalencianista.org\/wp-content\/uploads\/2022\/03\/IMG-20220307-WA0006-1024x768.jpg 1024w, https:\/\/convenciovalencianista.org\/wp-content\/uploads\/2022\/03\/IMG-20220307-WA0006-300x225.jpg 300w, https:\/\/convenciovalencianista.org\/wp-content\/uploads\/2022\/03\/IMG-20220307-WA0006-768x576.jpg 768w, https:\/\/convenciovalencianista.org\/wp-content\/uploads\/2022\/03\/IMG-20220307-WA0006-1536x1152.jpg 1536w, https:\/\/convenciovalencianista.org\/wp-content\/uploads\/2022\/03\/IMG-20220307-WA0006.jpg 1600w\" sizes=\"(max-width: 648px) 100vw, 648px\" \/><\/a><\/p>\n<p align=\"JUSTIFY\">Destac\u00e0 l\u2019intervencio del valenci\u00e0 <strong>Pascual Sala<\/strong>, expresident del Tribunal Suprem, del Consell general del Poder Judicial i del Tribunal Constitucional, en la que explic\u00e0 l\u2019utilitat de recuperar el poder llegislar en materia de Dret Civil, lo qual ajudaria a fer mes agil, comoda i viable la vida dels valencians en le seues relacions interpersonals, un dret del que fruixen mes de 15 millons d\u2019espanyols i autonomies en molt menor tradicio historica sobre el mateix, no de bades el Dret foral valenci\u00e0 fon pioner, model i inspirador d\u2019uns atres codics llegislatius historics.<\/p>\n<p align=\"JUSTIFY\">Representacio empresarial, sindical i de partits politics tingueren veu en diferents taules i, si be la majoria coincidiren en que era el moment adequat per a exigir eixe llauger retoc tecnic, no falt\u00e0 qui expongue lo contrari, que igual<em> \u201ceste no era el moment adequat\u201d<\/em>. A\u00e7o, en veu d\u2019un diputat nacional, que pertany a una circumscripcio valenciana, es \u201csempre\u201d l\u2019excusa pefecta per a no comprometre\u2019s i mirar mes pels interessos propis i partidistes que els de la ciutadania a la que deu representar.<\/p>\n<p align=\"JUSTIFY\">Una jornada intensa en la que <strong>Jos\u00e9 Ramon Chirivella<\/strong>, president de AJV, en valentes paraules clausur\u00e0 la jornada interpelant tant als diputats valencians en el Congr\u00e9s com al President del Consell i a les Corts Valencianes a que peguen una ultima espenta per a fer realitat esta justa aspiracio abans del proxim mes de juliol de 2022, data en que celebrar\u00e9m el 40 aniversari de l\u2019Estatut d\u2019Autonomia. Este ser\u00eda el millor regal, la millor prova d\u2019afecte i consideracio.<\/p>\n<p align=\"JUSTIFY\">Des de les nostres associacions seguir\u00e9m recolzant la labor que desenrolla AJV perque coincidim en la necessitat de recuperar i profundisar en tot allo que contribuixca a millorar la vida dels valencians, les nostres aspiracions d\u2019autogovern i elevar la nostra autoestima.<\/p>\n<p style=\"text-align: center;\" align=\"JUSTIFY\"><a href=\"https:\/\/convenciovalencianista.org\/wp-content\/uploads\/2022\/03\/IMG-20220307-WA0005.jpg\"><img loading=\"lazy\" decoding=\"async\" class=\"alignnone wp-image-881 size-large\" src=\"https:\/\/convenciovalencianista.org\/wp-content\/uploads\/2022\/03\/IMG-20220307-WA0005-1024x768.jpg\" alt=\"\" width=\"648\" height=\"486\" srcset=\"https:\/\/convenciovalencianista.org\/wp-content\/uploads\/2022\/03\/IMG-20220307-WA0005-1024x768.jpg 1024w, https:\/\/convenciovalencianista.org\/wp-content\/uploads\/2022\/03\/IMG-20220307-WA0005-300x225.jpg 300w, https:\/\/convenciovalencianista.org\/wp-content\/uploads\/2022\/03\/IMG-20220307-WA0005-768x576.jpg 768w, https:\/\/convenciovalencianista.org\/wp-content\/uploads\/2022\/03\/IMG-20220307-WA0005-1536x1152.jpg 1536w, https:\/\/convenciovalencianista.org\/wp-content\/uploads\/2022\/03\/IMG-20220307-WA0005.jpg 1600w\" sizes=\"(max-width: 648px) 100vw, 648px\" \/><\/a><\/p>\n<p><!-- \/wp:tadv\/classic-paragraph --><\/p>\n<\/div><hr style=\"margin:10px 0\"><\/div><div class=\"add_posts_content\" style=\"clear:both;\"><h2 class=\"title\" style=\"clear: none;\"><a href=\"https:\/\/convenciovalencianista.org\/?p=863\">Tornen \"Tots els dies 9\" despuix del paro per la pandemia<\/a><\/h2><div class=\"post-content\" style=\"clear:both\";><p><!-- wp:tadv\/classic-paragraph --><\/p>\n<p>El dissabte passat, 19 de febrer, <strong>Convencio Valencianista<\/strong> recuperava l\u2019activitat<em> \u201cTots els dies 9\u201d<\/em>. En esta ocasio dos foren els temes tractats i tres els parlaments.<\/p>\n<p>Enfront de l\u2019iglesia del Carme comen\u00e7\u00e0 <strong>Carles Recio<\/strong> narrant, en la solvencia de qui domina la materia, la proclamacio en <strong>1009<\/strong> de <strong>Mubarak<\/strong> (junt en Muzzafar) com a <strong>rei de Valencia<\/strong> a l\u2019independisar-se del Califat de Cordova. Duya en ell el cartell que confeccion\u00e0 en 2009 -en l\u2019ajuda de la l'Associacio Cultural Islamica de Valencia-, en el que, en escritura arap, se pot llegir <strong><em>\u201cMilenari del Regne de Valencia\u201d<\/em><\/strong>. En ell introdui el relat dels seus infructuosos intents de que algun organisme oficial impulsara la commemoracio.<\/p>\n<p>A continuacio la comitiva se dirigi al proxim carrer En Borr\u00e0s, a on se pot contemplar algun fragment de la muralla d\u2019epoca islamica. Aci <strong>Juli Moreno<\/strong> feu una explicacio del seu recorregut i tecnica de construccio.<\/p>\n<p>Finalment, a curta distancia, en la tranquila pla\u00e7a de la Santa Creu, <strong>Joan Batiste Sancho<\/strong> gloss\u00e0 la figura de Rafael Villar, gran poeta i dramaturc. Un autor injutament oblidat, fallit en 1983, que Sancho reivindic\u00e0 per la seua calitat com a poeta, aixina com per la seua aportacio al valencianisme.<\/p>\n<p>Els assistents, prop de trenta, que coincidiren en lo molt que trobaven a faltar estes cites mensuals, pogueren resarcir-se en este intens mati cultural.<\/p>\n<p style=\"text-align: center;\">\u00a0<\/p>\n<p style=\"text-align: center;\">\u00a0<\/p>\n<p style=\"text-align: center;\">\u00a0<\/p>\n<p style=\"text-align: center;\">\u00a0<\/p>\n<p style=\"text-align: center;\">\u00a0<\/p>\n<p style=\"text-align: center;\">\u00a0<\/p>\n<p>\u00a0<\/p>\n<p><!-- \/wp:tadv\/classic-paragraph --><\/p>\n<\/div><hr style=\"margin:10px 0\"><\/div><div class=\"add_posts_content\" style=\"clear:both;\"><h2 class=\"title\" style=\"clear: none;\"><a href=\"https:\/\/convenciovalencianista.org\/?p=805\">Quarta edicio del Premi \u201cJoan Costa\u201d<\/a><\/h2><div class=\"post-content\" style=\"clear:both\";><p><!-- wp:paragraph --><\/p>\n<p>Enguany, coincidint en els XXXIV Premis lliteraris i d'investigacio \"El Pilo\" es convoca la quarta edicio del premi \u201cJoan Costa\u201d. Premi copatrocinat per <strong>Convencio Valencianista<\/strong> i l\u2019entitat cultural <strong>El Pil\u00f3<\/strong> de Burjassot.<\/p>\n<p><!-- \/wp:paragraph --><\/p>\n<p><!-- wp:image {\"id\":810,\"width\":718,\"height\":1024,\"sizeSlug\":\"large\",\"linkDestination\":\"media\"} --><\/p>\n<figure class=\"wp-block-image size-large is-resized\"><a href=\"http:\/\/www.convenciovalencianista.org\/wp-content\/uploads\/2021\/12\/Bases-XXXIV-Premis-El-Pilo-2022_pag-1-scaled.jpg\"><img loading=\"lazy\" decoding=\"async\" src=\"http:\/\/www.convenciovalencianista.org\/wp-content\/uploads\/2021\/12\/Bases-XXXIV-Premis-El-Pilo-2022_pag-1-718x1024.jpg\" alt=\"\" class=\"wp-image-810\" width=\"718\" height=\"1024\" srcset=\"https:\/\/convenciovalencianista.org\/wp-content\/uploads\/2021\/12\/Bases-XXXIV-Premis-El-Pilo-2022_pag-1-718x1024.jpg 718w, https:\/\/convenciovalencianista.org\/wp-content\/uploads\/2021\/12\/Bases-XXXIV-Premis-El-Pilo-2022_pag-1-210x300.jpg 210w, https:\/\/convenciovalencianista.org\/wp-content\/uploads\/2021\/12\/Bases-XXXIV-Premis-El-Pilo-2022_pag-1-768x1095.jpg 768w, https:\/\/convenciovalencianista.org\/wp-content\/uploads\/2021\/12\/Bases-XXXIV-Premis-El-Pilo-2022_pag-1-1077x1536.jpg 1077w, https:\/\/convenciovalencianista.org\/wp-content\/uploads\/2021\/12\/Bases-XXXIV-Premis-El-Pilo-2022_pag-1-1436x2048.jpg 1436w, https:\/\/convenciovalencianista.org\/wp-content\/uploads\/2021\/12\/Bases-XXXIV-Premis-El-Pilo-2022_pag-1-scaled.jpg 1795w\" sizes=\"(max-width: 718px) 100vw, 718px\" \/><\/a><figcaption><em>Portada XXXIV Premis Lliteraris i d'Investigacio \"El Pilo\"<\/em><\/figcaption><\/figure>\n<p><!-- \/wp:image --><\/p>\n<p><!-- wp:paragraph --><\/p>\n<p>Enguany el tema triat es: <strong>Entitat i identitat del poble valenci\u00e0. An\u00e0lisis del passat i del present. Visio de futur<\/strong>.<\/p>\n<p><!-- \/wp:paragraph --><\/p>\n<p><!-- wp:paragraph --><\/p>\n<p>Tenint com a data llimit per a presentar els originals fins al <strong>31 de mar\u00e7 de 2022<\/strong>.<\/p>\n<p><!-- \/wp:paragraph --><\/p>\n<p><!-- wp:paragraph --><\/p>\n<p>El premi consistix en un pilo de bronze i 500 euros.<\/p>\n<p><!-- \/wp:paragraph --><\/p>\n<p><!-- wp:paragraph --><\/p>\n<p><strong>Les bases s\u2019adequen a les generiques de la convocatoria<\/strong> -que inclou tambe el premi de novela i el de poesia-, ademes d\u2019unes especifiques per al premi d\u2019ensaig.<\/p>\n<p><!-- \/wp:paragraph --><\/p>\n<p><!-- wp:paragraph --><\/p>\n<p>L\u2019informacio sancera se pot llegir <a href=\"\/wp-content\/documents\/Bases%20XXXIV%20Premis%20El%20Pil%C3%B3%202022.pdf\">aci<\/a><\/p>\n<p><!-- \/wp:paragraph --><\/p>\n<\/div><hr style=\"margin:10px 0\"><\/div><\/div><div style=\"clear: both;\"><\/div>\n\n\n<figure class=\"wp-block-image size-large\"><a href=\"http:\/\/www.convenciovalencianista.org\/wp-content\/uploads\/2021\/12\/BonNadal-i-felic-2022_Convencio-Valencianista.jpg\"><img loading=\"lazy\" decoding=\"async\" width=\"1024\" height=\"682\" src=\"http:\/\/www.convenciovalencianista.org\/wp-content\/uploads\/2021\/12\/BonNadal-i-felic-2022_Convencio-Valencianista-1024x682.jpg\" alt=\"\" class=\"wp-image-815\" srcset=\"https:\/\/convenciovalencianista.org\/wp-content\/uploads\/2021\/12\/BonNadal-i-felic-2022_Convencio-Valencianista-1024x682.jpg 1024w, https:\/\/convenciovalencianista.org\/wp-content\/uploads\/2021\/12\/BonNadal-i-felic-2022_Convencio-Valencianista-300x200.jpg 300w, https:\/\/convenciovalencianista.org\/wp-content\/uploads\/2021\/12\/BonNadal-i-felic-2022_Convencio-Valencianista-768x512.jpg 768w, https:\/\/convenciovalencianista.org\/wp-content\/uploads\/2021\/12\/BonNadal-i-felic-2022_Convencio-Valencianista-1536x1023.jpg 1536w, https:\/\/convenciovalencianista.org\/wp-content\/uploads\/2021\/12\/BonNadal-i-felic-2022_Convencio-Valencianista.jpg 1621w\" sizes=\"(max-width: 1024px) 100vw, 1024px\" \/><\/a><\/figure>\n\n\n\n<figure class=\"wp-block-image size-full\"><a href=\"http:\/\/www.convenciovalencianista.org\/wp-content\/uploads\/2021\/12\/Presentacio-Cruz-del-Sur-Shambala.jpeg\"><img loading=\"lazy\" decoding=\"async\" width=\"960\" height=\"559\" src=\"http:\/\/www.convenciovalencianista.org\/wp-content\/uploads\/2021\/12\/Presentacio-Cruz-del-Sur-Shambala.jpeg\" alt=\"\" class=\"wp-image-835\" srcset=\"https:\/\/convenciovalencianista.org\/wp-content\/uploads\/2021\/12\/Presentacio-Cruz-del-Sur-Shambala.jpeg 960w, https:\/\/convenciovalencianista.org\/wp-content\/uploads\/2021\/12\/Presentacio-Cruz-del-Sur-Shambala-300x175.jpeg 300w, https:\/\/convenciovalencianista.org\/wp-content\/uploads\/2021\/12\/Presentacio-Cruz-del-Sur-Shambala-768x447.jpeg 768w\" sizes=\"(max-width: 960px) 100vw, 960px\" \/><\/a><figcaption>Presentacio-Cruz-del-Sur-Shambala. 20 de decembre de 2021<\/figcaption><\/figure>\n\n\n\n<figure class=\"wp-block-gallery columns-1 is-cropped wp-block-gallery-1 is-layout-flex wp-block-gallery-is-layout-flex\"><ul class=\"blocks-gallery-grid\"><li class=\"blocks-gallery-item\"><figure><a href=\"http:\/\/www.convenciovalencianista.org\/wp-content\/uploads\/2021\/12\/Presentacio-GAV.jpeg\"><img loading=\"lazy\" decoding=\"async\" width=\"1024\" height=\"768\" src=\"http:\/\/www.convenciovalencianista.org\/wp-content\/uploads\/2021\/12\/Presentacio-GAV-1024x768.jpeg\" alt=\"\" data-id=\"836\" data-full-url=\"http:\/\/www.convenciovalencianista.org\/wp-content\/uploads\/2021\/12\/Presentacio-GAV.jpeg\" data-link=\"http:\/\/www.convenciovalencianista.org\/?attachment_id=836\" class=\"wp-image-836\" srcset=\"https:\/\/convenciovalencianista.org\/wp-content\/uploads\/2021\/12\/Presentacio-GAV-1024x768.jpeg 1024w, https:\/\/convenciovalencianista.org\/wp-content\/uploads\/2021\/12\/Presentacio-GAV-300x225.jpeg 300w, https:\/\/convenciovalencianista.org\/wp-content\/uploads\/2021\/12\/Presentacio-GAV-768x576.jpeg 768w, https:\/\/convenciovalencianista.org\/wp-content\/uploads\/2021\/12\/Presentacio-GAV-1536x1152.jpeg 1536w, https:\/\/convenciovalencianista.org\/wp-content\/uploads\/2021\/12\/Presentacio-GAV.jpeg 2016w\" sizes=\"(max-width: 1024px) 100vw, 1024px\" \/><\/a><figcaption class=\"blocks-gallery-item__caption\">Presentacio-GAV. 28 de decembre de 2021<\/figcaption><\/figure><\/li><\/ul><\/figure>\n","protected":false},"excerpt":{"rendered":"","protected":false},"author":1,"featured_media":0,"parent":0,"menu_order":0,"comment_status":"closed","ping_status":"closed","template":"page-fullwidth.php","meta":{"footnotes":""},"yoast_head":"<!-- This site is optimized with the Yoast SEO plugin v21.5 - https:\/\/yoast.com\/wordpress\/plugins\/seo\/ -->\n<title>Activitats - Convenci\u00f3 Valencianista<\/title>\n<meta name=\"robots\" content=\"index, follow, max-snippet:-1, max-image-preview:large, max-video-preview:-1\" \/>\n<link rel=\"canonical\" href=\"https:\/\/convenciovalencianista.org\/?page_id=167\" \/>\n<meta property=\"og:locale\" content=\"es_ES\" \/>\n<meta property=\"og:type\" content=\"article\" \/>\n<meta property=\"og:title\" content=\"Activitats - Convenci\u00f3 Valencianista\" \/>\n<meta property=\"og:url\" content=\"https:\/\/convenciovalencianista.org\/?page_id=167\" \/>\n<meta property=\"og:site_name\" content=\"Convenci\u00f3 Valencianista\" \/>\n<meta property=\"article:modified_time\" content=\"2021-12-30T09:21:06+00:00\" \/>\n<meta property=\"og:image\" content=\"http:\/\/www.convenciovalencianista.org\/wp-content\/uploads\/2021\/12\/BonNadal-i-felic-2022_Convencio-Valencianista-1024x682.jpg\" \/>\n<meta name=\"twitter:card\" content=\"summary_large_image\" \/>\n<script type=\"application\/ld+json\" class=\"yoast-schema-graph\">{\"@context\":\"https:\/\/schema.org\",\"@graph\":[{\"@type\":\"WebPage\",\"@id\":\"https:\/\/convenciovalencianista.org\/?page_id=167\",\"url\":\"https:\/\/convenciovalencianista.org\/?page_id=167\",\"name\":\"Activitats - Convenci\u00f3 Valencianista\",\"isPartOf\":{\"@id\":\"https:\/\/convenciovalencianista.org\/#website\"},\"datePublished\":\"2015-09-17T19:19:44+00:00\",\"dateModified\":\"2021-12-30T09:21:06+00:00\",\"breadcrumb\":{\"@id\":\"https:\/\/convenciovalencianista.org\/?page_id=167#breadcrumb\"},\"inLanguage\":\"es\",\"potentialAction\":[{\"@type\":\"ReadAction\",\"target\":[\"https:\/\/convenciovalencianista.org\/?page_id=167\"]}]},{\"@type\":\"BreadcrumbList\",\"@id\":\"https:\/\/convenciovalencianista.org\/?page_id=167#breadcrumb\",\"itemListElement\":[{\"@type\":\"ListItem\",\"position\":1,\"name\":\"Portada\",\"item\":\"https:\/\/convenciovalencianista.org\/\"},{\"@type\":\"ListItem\",\"position\":2,\"name\":\"Activitats\"}]},{\"@type\":\"WebSite\",\"@id\":\"https:\/\/convenciovalencianista.org\/#website\",\"url\":\"https:\/\/convenciovalencianista.org\/\",\"name\":\"Convenci\u00f3 Valencianista\",\"description\":\"\",\"potentialAction\":[{\"@type\":\"SearchAction\",\"target\":{\"@type\":\"EntryPoint\",\"urlTemplate\":\"https:\/\/convenciovalencianista.org\/?s={search_term_string}\"},\"query-input\":\"required name=search_term_string\"}],\"inLanguage\":\"es\"}]}<\/script>\n<!-- \/ Yoast SEO plugin. -->","yoast_head_json":{"title":"Activitats - Convenci\u00f3 Valencianista","robots":{"index":"index","follow":"follow","max-snippet":"max-snippet:-1","max-image-preview":"max-image-preview:large","max-video-preview":"max-video-preview:-1"},"canonical":"https:\/\/convenciovalencianista.org\/?page_id=167","og_locale":"es_ES","og_type":"article","og_title":"Activitats - Convenci\u00f3 Valencianista","og_url":"https:\/\/convenciovalencianista.org\/?page_id=167","og_site_name":"Convenci\u00f3 Valencianista","article_modified_time":"2021-12-30T09:21:06+00:00","og_image":[{"url":"http:\/\/www.convenciovalencianista.org\/wp-content\/uploads\/2021\/12\/BonNadal-i-felic-2022_Convencio-Valencianista-1024x682.jpg"}],"twitter_card":"summary_large_image","schema":{"@context":"https:\/\/schema.org","@graph":[{"@type":"WebPage","@id":"https:\/\/convenciovalencianista.org\/?page_id=167","url":"https:\/\/convenciovalencianista.org\/?page_id=167","name":"Activitats - Convenci\u00f3 Valencianista","isPartOf":{"@id":"https:\/\/convenciovalencianista.org\/#website"},"datePublished":"2015-09-17T19:19:44+00:00","dateModified":"2021-12-30T09:21:06+00:00","breadcrumb":{"@id":"https:\/\/convenciovalencianista.org\/?page_id=167#breadcrumb"},"inLanguage":"es","potentialAction":[{"@type":"ReadAction","target":["https:\/\/convenciovalencianista.org\/?page_id=167"]}]},{"@type":"BreadcrumbList","@id":"https:\/\/convenciovalencianista.org\/?page_id=167#breadcrumb","itemListElement":[{"@type":"ListItem","position":1,"name":"Portada","item":"https:\/\/convenciovalencianista.org\/"},{"@type":"ListItem","position":2,"name":"Activitats"}]},{"@type":"WebSite","@id":"https:\/\/convenciovalencianista.org\/#website","url":"https:\/\/convenciovalencianista.org\/","name":"Convenci\u00f3 Valencianista","description":"","potentialAction":[{"@type":"SearchAction","target":{"@type":"EntryPoint","urlTemplate":"https:\/\/convenciovalencianista.org\/?s={search_term_string}"},"query-input":"required name=search_term_string"}],"inLanguage":"es"}]}},"_links":{"self":[{"href":"https:\/\/convenciovalencianista.org\/index.php?rest_route=\/wp\/v2\/pages\/167"}],"collection":[{"href":"https:\/\/convenciovalencianista.org\/index.php?rest_route=\/wp\/v2\/pages"}],"about":[{"href":"https:\/\/convenciovalencianista.org\/index.php?rest_route=\/wp\/v2\/types\/page"}],"author":[{"embeddable":true,"href":"https:\/\/convenciovalencianista.org\/index.php?rest_route=\/wp\/v2\/users\/1"}],"replies":[{"embeddable":true,"href":"https:\/\/convenciovalencianista.org\/index.php?rest_route=%2Fwp%2Fv2%2Fcomments&post=167"}],"version-history":[{"count":5,"href":"https:\/\/convenciovalencianista.org\/index.php?rest_route=\/wp\/v2\/pages\/167\/revisions"}],"predecessor-version":[{"id":848,"href":"https:\/\/convenciovalencianista.org\/index.php?rest_route=\/wp\/v2\/pages\/167\/revisions\/848"}],"wp:attachment":[{"href":"https:\/\/convenciovalencianista.org\/index.php?rest_route=%2Fwp%2Fv2%2Fmedia&parent=167"}],"curies":[{"name":"wp","href":"https:\/\/api.w.org\/{rel}","templated":true}]}}